{"id":2756,"date":"2022-07-14T16:48:22","date_gmt":"2022-07-14T14:48:22","guid":{"rendered":"https:\/\/rudolf-rost.de\/?page_id=2756"},"modified":"2025-08-20T11:08:23","modified_gmt":"2025-08-20T09:08:23","slug":"datenschutz","status":"publish","type":"page","link":"https:\/\/www.rudolf-rost.de\/fr\/datenschutz\/","title":{"rendered":"Protection des donn\u00e9es"},"content":{"rendered":"<section class=\"wpb-content-wrapper\"><div class=\"vc_row wpb_row vc_row-fluid\"><div class=\"wpb_column vc_column_container vc_col-sm-12\"><div class=\"vc_column-inner\"><div class=\"wpb_wrapper\"><div class=\"ult-spacer spacer-69f0da4e376c6\" data-id=\"69f0da4e376c6\" data-height=\"150\" data-height-mobile=\"150\" data-height-tab=\"150\" data-height-tab-portrait=\"\" data-height-mobile-landscape=\"\" style=\"clear:both;display:block;\"><\/div><\/div><\/div><\/div><\/div><div class=\"vc_row wpb_row vc_row-fluid vc_row-o-content-middle vc_row-flex\"><div class=\"wpb_column vc_column_container vc_col-sm-2\"><div class=\"vc_column-inner\"><div class=\"wpb_wrapper\"><\/div><\/div><\/div><div class=\"wpb_column vc_column_container vc_col-sm-8\"><div class=\"vc_column-inner\"><div class=\"wpb_wrapper\"><h3 style=\"font-size: 26px;color: #0d8161;line-height: 36px;text-align: left\" class=\"vc_custom_heading\" >D\u00e9claration de protection des donn\u00e9es de Rudolf Rost Sperrholz GmbH<\/h3><div class=\"ult-spacer spacer-69f0da4e39214\" data-id=\"69f0da4e39214\" data-height=\"30\" data-height-mobile=\"30\" data-height-tab=\"30\" data-height-tab-portrait=\"\" data-height-mobile-landscape=\"\" style=\"clear:both;display:block;\"><\/div>\n\t<div class=\"wpb_text_column wpb_content_element\" >\n\t\t<div class=\"wpb_wrapper\">\n\t\t\t<p>Nous sommes tr\u00e8s heureux de l'int\u00e9r\u00eat que vous portez \u00e0 notre entreprise. Le respect des lois sur la protection des donn\u00e9es et donc la protection de vos donn\u00e9es personnelles est une pr\u00e9occupation importante pour nous.<br \/>\nL'utilisation des pages Internet de Rudolf Rost Sperrholz GmbH est en principe possible sans aucune indication de donn\u00e9es personnelles. Toutefois, si une personne concern\u00e9e souhaite utiliser des services sp\u00e9ciaux de notre entreprise via notre site Web, un traitement de donn\u00e9es \u00e0 caract\u00e8re personnel peut \u00eatre n\u00e9cessaire. Si le traitement de donn\u00e9es \u00e0 caract\u00e8re personnel est n\u00e9cessaire et qu'il n'existe aucune base l\u00e9gale pour un tel traitement, nous obtenons g\u00e9n\u00e9ralement le consentement de la personne concern\u00e9e.<br \/>\nLe traitement des donn\u00e9es \u00e0 caract\u00e8re personnel, telles que le nom, l'adresse, l'adresse e-mail ou le num\u00e9ro de t\u00e9l\u00e9phone d'une personne concern\u00e9e, doit toujours \u00eatre conforme au r\u00e8glement g\u00e9n\u00e9ral sur la protection des donn\u00e9es (RGPD, GDPR) et \u00e0 la r\u00e9glementation de protection des donn\u00e9es sp\u00e9cifique au pays en vigueur pour la soci\u00e9t\u00e9 Rudolf Rost Sperrholz GmbH. Par le biais de cette d\u00e9claration de protection des donn\u00e9es, notre entreprise souhaite informer le public de la nature, de l'\u00e9tendue et de la finalit\u00e9 des donn\u00e9es \u00e0 caract\u00e8re personnel que nous collectons, utilisons et traitons. En outre, les personnes concern\u00e9es sont inform\u00e9es des droits qui leur sont conf\u00e9r\u00e9s au moyen de cette d\u00e9claration de protection des donn\u00e9es.<br \/>\nEn tant que responsable du traitement, nous avons mis en \u0153uvre de nombreuses mesures techniques et organisationnelles pour assurer la protection la plus compl\u00e8te des donn\u00e9es personnelles trait\u00e9es via ce site Web. N\u00e9anmoins, les transferts de donn\u00e9es bas\u00e9s sur Internet peuvent en principe pr\u00e9senter des failles de s\u00e9curit\u00e9, de sorte qu'une protection absolue ne peut pas \u00eatre garantie. Pour cette raison, chaque personne concern\u00e9e est libre de nous transmettre des donn\u00e9es \u00e0 caract\u00e8re personnel par d'autres moyens, par exemple par t\u00e9l\u00e9phone.<\/p>\n<p>&nbsp;<\/p>\n<h5>1. Nom et adresse du responsable du traitement<\/h5>\n<p>Le responsable du traitement au sens du r\u00e8glement g\u00e9n\u00e9ral sur la protection des donn\u00e9es, d'autres lois sur la protection des donn\u00e9es applicables dans les \u00c9tats membres de l'Union europ\u00e9enne et d'autres dispositions ayant un caract\u00e8re de protection des donn\u00e9es est:<\/p>\n<p>Rudolf Rost Contreplaqu\u00e9 GmbH<br \/>\nLohe 4<br \/>\n25462 Rellingen<br \/>\nAllemagne<br \/>\nT\u00e9l. : 0049 4101 \u2013 59390<br \/>\nCourriel: <a href=\"mailto:info@rudolf-rost.de\">info@rudolf-rost.de<\/a><br \/>\nSite web:\u00a0<a href=\"https:\/\/www.rudolf-rost.de\/fr\/\">www.rudolf-rost.de<\/a><\/p>\n<p>&nbsp;<\/p>\n<h5>2. Nom et adresse du d\u00e9l\u00e9gu\u00e9 \u00e0 la protection des donn\u00e9es<\/h5>\n<p>Le d\u00e9l\u00e9gu\u00e9 \u00e0 la protection des donn\u00e9es du responsable du traitement est:<\/p>\n<p>Groupe PROTEKTO<br \/>\nM. Kent Schwirz<br \/>\nRoute de la Tour 279<br \/>\n20537 Hambourg<br \/>\n0049 (040) -42236924<br \/>\n<a href=\"mailto:datenschutz@protekto.de\">datenschutz@protekto.de<\/a><\/p>\n<p>Toute personne concern\u00e9e peut \u00e0 tout moment contacter directement notre d\u00e9l\u00e9gu\u00e9 \u00e0 la protection des donn\u00e9es pour toute question ou suggestion relative \u00e0 la protection des donn\u00e9es.<\/p>\n<p>&nbsp;<\/p>\n<h5>3. cookies<\/h5>\n<p>Les pages Internet de Rudolf Rost Sperrholz GmbH utilisent des cookies. Les cookies sont des fichiers texte qui sont stock\u00e9s et stock\u00e9s sur un syst\u00e8me informatique via un navigateur Internet.<br \/>\nDe nombreux sites Internet et serveurs utilisent des cookies. De nombreux cookies contiennent ce qu'on appelle un identifiant de cookie. Un identifiant de cookie est un identifiant unique du cookie. Il se compose d'une cha\u00eene de caract\u00e8res par laquelle les pages Internet et les serveurs peuvent \u00eatre attribu\u00e9s au navigateur Internet sp\u00e9cifique dans lequel le cookie a \u00e9t\u00e9 enregistr\u00e9. Cela permet aux sites Web et aux serveurs visit\u00e9s de distinguer le navigateur individuel de la personne concern\u00e9e des autres navigateurs Internet contenant d'autres cookies. Un navigateur Internet sp\u00e9cifique peut \u00eatre reconnu et identifi\u00e9 \u00e0 l'aide de l'identifiant unique du cookie.<br \/>\nGr\u00e2ce \u00e0 l'utilisation de cookies, KG peut fournir aux utilisateurs de ce site Web des services plus conviviaux qui ne seraient pas possibles sans l'installation de cookies.<br \/>\nGr\u00e2ce \u00e0 un cookie, les informations et les offres sur notre site Web peuvent \u00eatre optimis\u00e9es dans l'int\u00e9r\u00eat de l'utilisateur. Comme nous l'avons d\u00e9j\u00e0 mentionn\u00e9, les cookies nous permettent de reconna\u00eetre les utilisateurs de notre site Web. Le but de cette reconnaissance est de faciliter l'utilisation de notre site Web par les utilisateurs. Par exemple, l'utilisateur d'un site Web qui utilise des cookies n'a pas besoin de saisir \u00e0 nouveau ses donn\u00e9es d'acc\u00e8s \u00e0 chaque fois qu'il visite le site Web, car cela est pris en charge par le site Web et le cookie plac\u00e9 sur le syst\u00e8me informatique de l'utilisateur. Un autre exemple est le cookie d'un panier dans la boutique en ligne. La boutique en ligne m\u00e9morise les articles qu'un client a plac\u00e9s dans le panier virtuel \u00e0 l'aide d'un cookie.<br \/>\nLa personne concern\u00e9e peut \u00e0 tout moment emp\u00eacher l'installation de cookies par notre site Internet au moyen d'un r\u00e9glage correspondant du navigateur Internet utilis\u00e9 et s'opposer ainsi durablement \u00e0 l'installation de cookies. En outre, les cookies d\u00e9j\u00e0 install\u00e9s peuvent \u00eatre supprim\u00e9s \u00e0 tout moment via un navigateur Internet ou d'autres logiciels. Ceci est possible dans tous les navigateurs Internet courants. Si la personne concern\u00e9e d\u00e9sactive l'installation de cookies dans le navigateur Internet utilis\u00e9, toutes les fonctions de notre site Internet peuvent ne pas \u00eatre pleinement utilisables.<\/p>\n<p>&nbsp;<\/p>\n<h5>4. Collecte de donn\u00e9es et d'informations g\u00e9n\u00e9rales<\/h5>\n<p>Lorsqu'une personne concern\u00e9e ou un syst\u00e8me automatis\u00e9 appelle le site Web, le site Web de la Soci\u00e9t\u00e9 collecte une s\u00e9rie de donn\u00e9es et d'informations g\u00e9n\u00e9rales. Ces donn\u00e9es et informations g\u00e9n\u00e9rales sont stock\u00e9es dans les fichiers journaux du serveur. Il peut s'agir (1) des types de navigateurs et des versions utilis\u00e9s, (2) du syst\u00e8me d'exploitation utilis\u00e9 par le syst\u00e8me d'acc\u00e8s, (3) du site Web \u00e0 partir duquel un syst\u00e8me d'acc\u00e8s acc\u00e8de \u00e0 notre site Web (appel\u00e9s r\u00e9f\u00e9rents), (4) des sous-sites Web accessibles via un syst\u00e8me d'acc\u00e8s sur notre site Web, (5) de la date et de l'heure d'acc\u00e8s au site Web, (6) d'une adresse IP (protocole Internet), (7) du fournisseur de services Internet du syst\u00e8me d'acc\u00e8s et (8) d'autres donn\u00e9es et informations similaires servant \u00e0 la pr\u00e9vention des attaques contre nos syst\u00e8mes informatiques.<br \/>\nLors de l'utilisation de ces donn\u00e9es et informations g\u00e9n\u00e9rales, l'entreprise ne tire aucune conclusion sur la personne concern\u00e9e. Ces informations sont plut\u00f4t n\u00e9cessaires pour (1) livrer correctement le contenu de notre site Web, (2) optimiser le contenu de notre site Web, (3) assurer le fonctionnement durable de nos syst\u00e8mes informatiques et de la technologie de notre site Web, et (4) fournir aux autorit\u00e9s charg\u00e9es de l'application de la loi les informations n\u00e9cessaires \u00e0 l'application de la loi en cas de cyberattaque. Ces donn\u00e9es et informations collect\u00e9es anonymement sont donc \u00e9valu\u00e9es statistiquement d'une part et, d'autre part, dans le but d'augmenter la protection et la s\u00e9curit\u00e9 des donn\u00e9es de notre entreprise, afin d'assurer un niveau optimal de protection des donn\u00e9es personnelles que nous traitons. Les donn\u00e9es anonymes des fichiers journaux du serveur sont stock\u00e9es s\u00e9par\u00e9ment de toutes les donn\u00e9es personnelles fournies par une personne concern\u00e9e.<\/p>\n<p>&nbsp;<\/p>\n<h5>5. Possibilit\u00e9 de contact via le site web<\/h5>\n<p>En raison des dispositions l\u00e9gales, le site Web de Rudolf Rost Sperrholz GmbH contient des informations qui permettent un contact \u00e9lectronique rapide avec notre entreprise ainsi qu'une communication directe avec nous, ce qui comprend \u00e9galement une adresse g\u00e9n\u00e9rale du courrier \u00e9lectronique (adresse e-mail). Si une personne concern\u00e9e contacte le responsable du traitement par e-mail ou via un formulaire de contact, les donn\u00e9es \u00e0 caract\u00e8re personnel transmises par la personne concern\u00e9e sont enregistr\u00e9es automatiquement. Ces donn\u00e9es \u00e0 caract\u00e8re personnel transmises volontairement par une personne concern\u00e9e au responsable du traitement sont conserv\u00e9es \u00e0 des fins de traitement ou de prise de contact avec la personne concern\u00e9e. Ces donn\u00e9es \u00e0 caract\u00e8re personnel ne sont pas transmises \u00e0 des tiers.<\/p>\n<p>&nbsp;<\/p>\n<h5>6. Suppression et blocage syst\u00e9matiques des donn\u00e9es \u00e0 caract\u00e8re personnel<\/h5>\n<p>Le responsable du traitement ne traite et ne stocke les donn\u00e9es \u00e0 caract\u00e8re personnel de la personne concern\u00e9e que pour la dur\u00e9e n\u00e9cessaire \u00e0 la r\u00e9alisation de l'objectif de conservation ou dans la mesure o\u00f9 cela a \u00e9t\u00e9 pr\u00e9vu par le l\u00e9gislateur europ\u00e9en ou un autre l\u00e9gislateur dans les lois ou r\u00e8glements auxquels le responsable du traitement est soumis.<br \/>\nSi l'objectif de conservation n'est pas atteint ou si une p\u00e9riode de conservation prescrite par le l\u00e9gislateur europ\u00e9en ou un autre l\u00e9gislateur comp\u00e9tent expire, les donn\u00e9es \u00e0 caract\u00e8re personnel sont syst\u00e9matiquement bloqu\u00e9es ou supprim\u00e9es conform\u00e9ment aux dispositions l\u00e9gales.<\/p>\n<p>&nbsp;<\/p>\n<h5>7. Droits de la personne concern\u00e9e<\/h5>\n<p>&nbsp;<\/p>\n<h6>a) Droit \u00e0 la confirmation<\/h6>\n<p>Toute personne concern\u00e9e a le droit, accord\u00e9 par le l\u00e9gislateur europ\u00e9en, d'obtenir du responsable du traitement la confirmation que des donn\u00e9es \u00e0 caract\u00e8re personnel la concernant sont ou non trait\u00e9es. Si une personne concern\u00e9e souhaite exercer ce droit de confirmation, elle peut \u00e0 tout moment contacter un employ\u00e9 du responsable du traitement.<\/p>\n<p>&nbsp;<\/p>\n<h6>b) Droit \u00e0 l'information<\/h6>\n<p>Toute personne concern\u00e9e par le traitement de donn\u00e9es \u00e0 caract\u00e8re personnel a le droit, accord\u00e9 par le l\u00e9gislateur europ\u00e9en, d'obtenir \u00e0 tout moment du responsable du traitement des informations gratuites sur les donn\u00e9es \u00e0 caract\u00e8re personnel la concernant et une copie de ces informations. En outre, le l\u00e9gislateur europ\u00e9en a accord\u00e9 \u00e0 la personne concern\u00e9e l'acc\u00e8s aux informations suivantes:<\/p>\n<ul>\n<li>les finalit\u00e9s du traitement;<\/li>\n<li>les cat\u00e9gories de donn\u00e9es \u00e0 caract\u00e8re personnel trait\u00e9es;<\/li>\n<li>les destinataires ou cat\u00e9gories de destinataires auxquels les donn\u00e9es \u00e0 caract\u00e8re personnel ont \u00e9t\u00e9 ou seront divulgu\u00e9es, en particulier les destinataires \u00e9tablis dans des pays tiers ou les organisations internationales;<\/li>\n<li>si possible, la dur\u00e9e pr\u00e9vue pour laquelle les donn\u00e9es \u00e0 caract\u00e8re personnel sont conserv\u00e9es ou, si cela n\u2019est pas possible, les crit\u00e8res utilis\u00e9s pour d\u00e9terminer cette dur\u00e9e;<\/li>\n<li>l'existence d'un droit \u00e0 la rectification ou \u00e0 l'effacement des donn\u00e9es \u00e0 caract\u00e8re personnel la concernant ou \u00e0 la limitation du traitement par le responsable du traitement, ou d'un droit d'opposition \u00e0 ce traitement;<\/li>\n<li>l'existence d'un droit de recours aupr\u00e8s d'une autorit\u00e9 de contr\u00f4le<\/li>\n<li>lorsque les donn\u00e9es \u00e0 caract\u00e8re personnel ne sont pas collect\u00e9es aupr\u00e8s de la personne concern\u00e9e: Toutes les informations disponibles sur l'origine des donn\u00e9es<\/li>\n<li>l\u2019existence d\u2019une prise de d\u00e9cision automatis\u00e9e, y compris le profilage, conform\u00e9ment \u00e0 l\u2019article 22, paragraphes 1 et 4, du RGPD et, au moins dans ces cas, des informations utiles sur la logique sous-jacente, ainsi que sur la port\u00e9e et les effets escompt\u00e9s d\u2019un tel traitement pour la personne concern\u00e9e;<\/li>\n<\/ul>\n<p>En outre, la personne concern\u00e9e a le droit de savoir si des donn\u00e9es \u00e0 caract\u00e8re personnel ont \u00e9t\u00e9 transf\u00e9r\u00e9es \u00e0 un pays tiers ou \u00e0 une organisation internationale. Si tel est le cas, la personne concern\u00e9e a par ailleurs le droit d'obtenir des informations sur les garanties appropri\u00e9es en ce qui concerne le transfert.<br \/>\nSi une personne concern\u00e9e souhaite exercer ce droit d'acc\u00e8s, elle peut \u00e0 tout moment contacter un employ\u00e9 du responsable du traitement.<\/p>\n<p>&nbsp;<\/p>\n<h6>c) Droit de rectification<\/h6>\n<p>Toute personne concern\u00e9e par le traitement de donn\u00e9es \u00e0 caract\u00e8re personnel a le droit, accord\u00e9 par le l\u00e9gislateur europ\u00e9en, de demander la rectification imm\u00e9diate des donn\u00e9es \u00e0 caract\u00e8re personnel inexactes la concernant. En outre, la personne concern\u00e9e a le droit, compte tenu des finalit\u00e9s du traitement, d'exiger que les donn\u00e9es \u00e0 caract\u00e8re personnel incompl\u00e8tes soient compl\u00e9t\u00e9es, y compris au moyen d'une d\u00e9claration compl\u00e9mentaire.Lorsqu'une personne concern\u00e9e souhaite exercer ce droit de rectification, elle peut, \u00e0 tout moment, contacter un employ\u00e9 du responsable du traitement.<\/p>\n<p>&nbsp;<\/p>\n<h6>d) Droit \u00e0 l'effacement (droit \u00e0 l'oubli)<\/h6>\n<p>Toute personne concern\u00e9e par le traitement de donn\u00e9es \u00e0 caract\u00e8re personnel a le droit, accord\u00e9 par le l\u00e9gislateur europ\u00e9en, d'exiger du responsable du traitement qu'il efface imm\u00e9diatement les donn\u00e9es \u00e0 caract\u00e8re personnel la concernant, pour autant que l'une des raisons suivantes s'applique et que le traitement ne soit pas n\u00e9cessaire:<\/p>\n<ul>\n<li>Les donn\u00e9es personnelles ont \u00e9t\u00e9 collect\u00e9es ou trait\u00e9es \u00e0 des fins pour lesquelles elles ne sont plus n\u00e9cessaires.<\/li>\n<li>La personne concern\u00e9e retire son consentement sur lequel le traitement a \u00e9t\u00e9 fond\u00e9 conform\u00e9ment \u00e0 l\u2019article 6, paragraphe 1, point a), du RGPD ou \u00e0 l\u2019article 9, paragraphe 2, point a), du RGPD et il n\u2019existe pas d\u2019autre base juridique pour le traitement.<\/li>\n<li>La personne concern\u00e9e s'oppose au traitement conform\u00e9ment \u00e0 l'article 21, paragraphe 1, du RGPD et il n'y a pas de motif l\u00e9gitime imp\u00e9rieux pour le traitement, ou la personne concern\u00e9e s'oppose au traitement conform\u00e9ment \u00e0 l'article 21, paragraphe 2, du RGPD.<\/li>\n<li>Les donn\u00e9es \u00e0 caract\u00e8re personnel ont fait l'objet d'un traitement illicite.<\/li>\n<li>L\u2019effacement des donn\u00e9es \u00e0 caract\u00e8re personnel est n\u00e9cessaire au respect d\u2019une obligation l\u00e9gale en vertu du droit de l\u2019Union ou du droit d\u2019un \u00c9tat membre auquel le responsable du traitement est soumis.<\/li>\n<li>Les donn\u00e9es \u00e0 caract\u00e8re personnel ont \u00e9t\u00e9 collect\u00e9es en relation avec les services de la soci\u00e9t\u00e9 de l'information propos\u00e9s conform\u00e9ment \u00e0 l'article 8, paragraphe 1, du RGPD.<\/li>\n<\/ul>\n<p>Si l'une des raisons susmentionn\u00e9es s'applique et qu'une personne concern\u00e9e souhaite demander l'effacement de donn\u00e9es \u00e0 caract\u00e8re personnel stock\u00e9es par le SITE \u00ab SITE \u00bb S.A.R.L., elle peut, \u00e0 tout moment, contacter un employ\u00e9 du responsable du traitement. Un employ\u00e9 de Rudolf Rost Sperrholz GmbH veillera \u00e0 ce que la demande d'effacement soit satisfaite imm\u00e9diatement.<br \/>\nSi les donn\u00e9es \u00e0 caract\u00e8re personnel ont \u00e9t\u00e9 rendues publiques par Rudolf Rost Sperrholz GmbH et que notre soci\u00e9t\u00e9, en tant que responsable du traitement, est tenue, conform\u00e9ment \u00e0 l'article 17, paragraphe 1, du RGPD, d'effacer les donn\u00e9es \u00e0 caract\u00e8re personnel, Rudolf Rost Sperrholz GmbH prend, en tenant compte de la technologie disponible et des co\u00fbts de mise en \u0153uvre, des mesures appropri\u00e9es, y compris de nature technique, pour informer les autres responsables du traitement des donn\u00e9es \u00e0 caract\u00e8re personnel qui traitent les donn\u00e9es \u00e0 caract\u00e8re personnel publi\u00e9es que la personne concern\u00e9e a demand\u00e9 \u00e0 ces autres responsables du traitement de supprimer tous les liens vers ces donn\u00e9es \u00e0 caract\u00e8re personnel ou des copies ou reproductions de ces donn\u00e9es \u00e0 caract\u00e8re personnel, dans la mesure o\u00f9 le traitement n'est pas n\u00e9cessaire. Un employ\u00e9 de Rudolf Rost Sperrholz GmbH prendra les mesures n\u00e9cessaires dans des cas individuels.<\/p>\n<p>&nbsp;<\/p>\n<h6>e) Droit \u00e0 la limitation du traitement<\/h6>\n<p>Toute personne concern\u00e9e par le traitement de donn\u00e9es \u00e0 caract\u00e8re personnel a le droit, accord\u00e9 par le l\u00e9gislateur europ\u00e9en, d'obtenir du responsable du traitement la limitation du traitement lorsque l'une des conditions suivantes est remplie:<\/p>\n<ul>\n<li>L'exactitude des donn\u00e9es \u00e0 caract\u00e8re personnel est contest\u00e9e par la personne concern\u00e9e pour une dur\u00e9e permettant au responsable du traitement de v\u00e9rifier l'exactitude des donn\u00e9es \u00e0 caract\u00e8re personnel.<\/li>\n<li>Le traitement est illicite, la personne concern\u00e9e refuse l'effacement des donn\u00e9es \u00e0 caract\u00e8re personnel et demande \u00e0 la place la limitation de l'utilisation des donn\u00e9es \u00e0 caract\u00e8re personnel.<\/li>\n<li>Le responsable du traitement n'a plus besoin des donn\u00e9es \u00e0 caract\u00e8re personnel aux fins du traitement, mais la personne concern\u00e9e en a besoin pour faire valoir, exercer ou d\u00e9fendre des droits en justice.<\/li>\n<li>La personne concern\u00e9e s'est oppos\u00e9e au traitement conform\u00e9ment \u00e0 l'article 21, paragraphe 1, du RGPD et il n'est pas encore \u00e9tabli si les motifs l\u00e9gitimes du responsable du traitement l'emportent sur ceux de la personne concern\u00e9e.<\/li>\n<\/ul>\n<p>Si l'une des conditions ci-dessus est remplie et qu'une personne concern\u00e9e souhaite demander la limitation du traitement des donn\u00e9es \u00e0 caract\u00e8re personnel stock\u00e9es par le responsable du traitement, elle peut, \u00e0 tout moment, contacter un employ\u00e9 du responsable du traitement. L'employ\u00e9 de Rudolf Rost Sperrholz GmbH organisera la limitation du traitement.<\/p>\n<p>&nbsp;<\/p>\n<h6>f) Droit \u00e0 la portabilit\u00e9 des donn\u00e9es<\/h6>\n<p>Toute personne concern\u00e9e par le traitement de donn\u00e9es \u00e0 caract\u00e8re personnel a le droit, accord\u00e9 par le l\u00e9gislateur europ\u00e9en, de recevoir les donn\u00e9es \u00e0 caract\u00e8re personnel la concernant qui ont \u00e9t\u00e9 mises \u00e0 la disposition d'un responsable du traitement par la personne concern\u00e9e dans un format structur\u00e9, couramment utilis\u00e9 et lisible par machine. Elle a \u00e9galement le droit de transf\u00e9rer ces donn\u00e9es \u00e0 un autre responsable du traitement sans entrave de la part du responsable du traitement auquel les donn\u00e9es \u00e0 caract\u00e8re personnel ont \u00e9t\u00e9 fournies, \u00e0 condition que le traitement soit fond\u00e9 sur le consentement conform\u00e9ment \u00e0 l\u2019article 6, paragraphe 1, point a), du RGPD ou \u00e0 l\u2019article 9, paragraphe 2, point a), du RGPD ou sur un contrat conform\u00e9ment \u00e0 l\u2019article 6, paragraphe 1, point b), du RGPD et que le traitement soit effectu\u00e9 au moyen de proc\u00e9d\u00e9s automatis\u00e9s, \u00e0 condition que le traitement ne soit pas n\u00e9cessaire \u00e0 l\u2019ex\u00e9cution d\u2019une mission d\u2019int\u00e9r\u00eat public ou relevant de l\u2019exercice de l\u2019autorit\u00e9 publique dont est investi le responsable du traitement.<br \/>\nEn outre, dans l'exercice de son droit \u00e0 la portabilit\u00e9 des donn\u00e9es conform\u00e9ment \u00e0 l'article 20, paragraphe 1, du RGPD, la personne concern\u00e9e a le droit d'obtenir que les donn\u00e9es \u00e0 caract\u00e8re personnel soient transf\u00e9r\u00e9es directement d'un responsable du traitement \u00e0 un autre, dans la mesure o\u00f9 cela est techniquement possible et pour autant que cela ne porte pas atteinte aux droits et libert\u00e9s d'autres personnes.<br \/>\nAfin de faire valoir le droit \u00e0 la portabilit\u00e9 des donn\u00e9es, la personne concern\u00e9e peut, \u00e0 tout moment, contacter n'importe quel employ\u00e9 de KG.<\/p>\n<p>&nbsp;<\/p>\n<h6>g) Droit d'opposition<\/h6>\n<p>Toute personne concern\u00e9e par le traitement des donn\u00e9es \u00e0 caract\u00e8re personnel a le droit, accord\u00e9 par le l\u00e9gislateur europ\u00e9en, de s'opposer \u00e0 tout moment, pour des raisons tenant \u00e0 sa situation particuli\u00e8re, au traitement des donn\u00e9es \u00e0 caract\u00e8re personnel la concernant sur la base de l'article 6, paragraphe 1, points e) ou f), du RGPD. Cela s'applique \u00e9galement au profilage fond\u00e9 sur ces dispositions.<br \/>\nLe responsable du traitement ne traite plus les donn\u00e9es \u00e0 caract\u00e8re personnel, \u00e0 moins qu'il ne d\u00e9montre qu'il existe des motifs l\u00e9gitimes et imp\u00e9rieux pour le traitement qui pr\u00e9valent sur les int\u00e9r\u00eats et les droits et libert\u00e9s de la personne concern\u00e9e, ou pour la constatation, l'exercice ou la d\u00e9fense de droits en justice.<br \/>\nSi nous traitons des donn\u00e9es \u00e0 caract\u00e8re personnel \u00e0 des fins de marketing direct, la personne concern\u00e9e a le droit de s'opposer \u00e0 tout moment au traitement des donn\u00e9es \u00e0 caract\u00e8re personnel la concernant \u00e0 des fins de marketing direct. Cela s'applique \u00e9galement au profilage dans la mesure o\u00f9 il est li\u00e9 \u00e0 une telle publicit\u00e9 directe. Si la personne concern\u00e9e s'oppose au traitement \u00e0 des fins de marketing direct, la personne concern\u00e9e ne traitera plus les donn\u00e9es \u00e0 caract\u00e8re personnel \u00e0 ces fins.<br \/>\nEn outre, la personne concern\u00e9e a le droit, pour des raisons tenant \u00e0 sa situation particuli\u00e8re, de s'opposer au traitement de donn\u00e9es \u00e0 caract\u00e8re personnel la concernant par la Soci\u00e9t\u00e9 \u00e0 des fins de recherche scientifique ou historique ou \u00e0 des fins statistiques conform\u00e9ment \u00e0 l'article 89, paragraphe 1, du RGPD, \u00e0 moins que le traitement ne soit n\u00e9cessaire \u00e0 l'ex\u00e9cution d'une t\u00e2che effectu\u00e9e pour des raisons d'int\u00e9r\u00eat public.<br \/>\nAfin d'exercer son droit d'opposition, la personne concern\u00e9e peut s'adresser directement \u00e0 n'importe quel employ\u00e9 de KG GmbH ou \u00e0 un autre employ\u00e9. La personne concern\u00e9e est \u00e9galement libre d'exercer son droit d'opposition en ce qui concerne l'utilisation des services de la soci\u00e9t\u00e9 de l'information, nonobstant la directive 2002\/58\/CE, au moyen de proc\u00e9d\u00e9s automatis\u00e9s utilisant des sp\u00e9cifications techniques.<\/p>\n<p>&nbsp;<\/p>\n<h6>h) D\u00e9cisions individuelles automatis\u00e9es, y compris le profilage<\/h6>\n<p>Toute personne concern\u00e9e par le traitement de donn\u00e9es \u00e0 caract\u00e8re personnel a le droit, accord\u00e9 par le l\u00e9gislateur europ\u00e9en, de ne pas faire l\u2019objet d\u2019une d\u00e9cision fond\u00e9e exclusivement sur un traitement automatis\u00e9, y compris le profilage, produisant des effets juridiques \u00e0 son \u00e9gard ou l\u2019affectant de mani\u00e8re significative de mani\u00e8re similaire, \u00e0 condition que la d\u00e9cision (1) ne soit pas n\u00e9cessaire \u00e0 la conclusion ou \u00e0 l\u2019ex\u00e9cution d\u2019un contrat entre la personne concern\u00e9e et le responsable du traitement, ou (2) soit autoris\u00e9e par le droit de l\u2019Union ou le droit de l\u2019\u00c9tat membre auquel le responsable du traitement est soumis et que ce droit contienne des mesures appropri\u00e9es pour la sauvegarde des droits et libert\u00e9s et des int\u00e9r\u00eats l\u00e9gitimes de la personne concern\u00e9e, ou (3) soit fond\u00e9e sur le consentement explicite de la personne concern\u00e9e.<br \/>\nSi la d\u00e9cision (1) est n\u00e9cessaire \u00e0 la conclusion ou \u00e0 l'ex\u00e9cution d'un contrat entre la personne concern\u00e9e et un responsable du traitement, ou (2) si elle est fond\u00e9e sur le consentement explicite de la personne concern\u00e9e, le responsable du traitement met en \u0153uvre des mesures appropri\u00e9es pour la sauvegarde des droits et libert\u00e9s et des int\u00e9r\u00eats l\u00e9gitimes de la personne concern\u00e9e, au moins du droit d'obtenir une intervention humaine de la part du responsable du traitement, d'exprimer son point de vue et de contester la d\u00e9cision.<br \/>\nSi la personne concern\u00e9e souhaite faire valoir ses droits en ce qui concerne les d\u00e9cisions automatis\u00e9es, elle peut, \u00e0 tout moment, contacter un employ\u00e9 du responsable du traitement.<\/p>\n<p>&nbsp;<\/p>\n<h6>i) Droit de r\u00e9voquer un consentement en mati\u00e8re de protection des donn\u00e9es<\/h6>\n<p>Toute personne concern\u00e9e par le traitement de donn\u00e9es \u00e0 caract\u00e8re personnel a le droit, accord\u00e9 par le l\u00e9gislateur europ\u00e9en, de retirer \u00e0 tout moment son consentement au traitement de donn\u00e9es \u00e0 caract\u00e8re personnel.<br \/>\nSi la personne concern\u00e9e souhaite exercer son droit de retirer son consentement, elle peut, \u00e0 tout moment, contacter un employ\u00e9 du responsable du traitement.<\/p>\n<p>&nbsp;<\/p>\n<h5>8. Protection des donn\u00e9es lors des candidatures et de la proc\u00e9dure de candidature<\/h5>\n<p>Le responsable du traitement collecte et traite les donn\u00e9es \u00e0 caract\u00e8re personnel des candidats aux fins du traitement de la proc\u00e9dure de candidature. Le traitement peut \u00e9galement \u00eatre effectu\u00e9 par voie \u00e9lectronique. Tel est notamment le cas lorsqu'un candidat transmet les documents de candidature correspondants au responsable du traitement par voie \u00e9lectronique, par exemple par e-mail ou via un formulaire en ligne figurant sur le site Internet. Si le responsable du traitement conclut un contrat de travail avec un candidat, les donn\u00e9es transmises sont stock\u00e9es aux fins de l'ex\u00e9cution de la relation de travail dans le respect des dispositions l\u00e9gales. Si le responsable du traitement ne conclut pas de contrat de travail avec le candidat, les documents de candidature sont automatiquement effac\u00e9s deux mois apr\u00e8s la notification de la d\u00e9cision de refus, \u00e0 condition qu'aucun autre int\u00e9r\u00eat l\u00e9gitime du responsable du traitement ne s'y oppose. Un autre int\u00e9r\u00eat l\u00e9gitime en ce sens est, par exemple, une obligation de preuve dans le cadre d\u2019une proc\u00e9dure au titre de la loi g\u00e9n\u00e9rale sur l\u2019\u00e9galit\u00e9 de traitement (Allgemeines Gleichbehandlungsgesetz, AGG).<\/p>\n<p>&nbsp;<\/p>\n<h5>9. Base juridique du traitement<\/h5>\n<p>L'article 6, paragraphe 1, point a), du RGPD sert de base juridique \u00e0 notre entreprise pour les op\u00e9rations de traitement pour lesquelles nous obtenons un consentement pour une finalit\u00e9 de traitement sp\u00e9cifique. Si le traitement de donn\u00e9es \u00e0 caract\u00e8re personnel est n\u00e9cessaire \u00e0 l'ex\u00e9cution d'un contrat auquel la personne concern\u00e9e est partie, comme c'est le cas, par exemple, pour les op\u00e9rations de traitement n\u00e9cessaires \u00e0 la livraison de marchandises ou \u00e0 la fourniture d'une autre prestation ou contrepartie, le traitement est fond\u00e9 sur l'article 6, paragraphe 1, point b), du RGPD. Il en va de m\u00eame pour les op\u00e9rations de traitement n\u00e9cessaires \u00e0 l'ex\u00e9cution de mesures pr\u00e9contractuelles, par exemple dans le cas de demandes concernant nos produits ou services. Si notre entreprise est soumise \u00e0 une obligation l\u00e9gale par laquelle un traitement de donn\u00e9es \u00e0 caract\u00e8re personnel est n\u00e9cessaire, par exemple pour remplir des obligations fiscales, le traitement est bas\u00e9 sur l'art. 6 I let. c RGPD. Dans de rares cas, le traitement de donn\u00e9es \u00e0 caract\u00e8re personnel pourrait \u00eatre n\u00e9cessaire pour prot\u00e9ger les int\u00e9r\u00eats vitaux de la personne concern\u00e9e ou d\u2019une autre personne physique. Ce serait le cas, par exemple, si un visiteur \u00e9tait bless\u00e9 dans notre entreprise et que son nom, son \u00e2ge, ses donn\u00e9es d'assurance maladie ou d'autres informations vitales devaient \u00eatre transmis \u00e0 un m\u00e9decin, \u00e0 un h\u00f4pital ou \u00e0 d'autres tiers. Dans ce cas, le traitement serait fond\u00e9 sur l'article 6, paragraphe 1, point d), du RGPD. En fin de compte, les op\u00e9rations de traitement pourraient \u00eatre fond\u00e9es sur l'article 6, paragraphe 1, point f), du RGPD. Les op\u00e9rations de traitement qui ne sont couvertes par aucune des bases juridiques susmentionn\u00e9es sont bas\u00e9es sur cette base juridique si le traitement est n\u00e9cessaire \u00e0 la sauvegarde d'un int\u00e9r\u00eat l\u00e9gitime de notre entreprise ou d'un tiers, \u00e0 condition que les int\u00e9r\u00eats, les droits fondamentaux et les libert\u00e9s fondamentales de la personne concern\u00e9e ne pr\u00e9valent pas. De telles op\u00e9rations de traitement nous sont notamment permises parce qu'elles ont \u00e9t\u00e9 sp\u00e9cifiquement mentionn\u00e9es par le l\u00e9gislateur europ\u00e9en. \u00c0 cet \u00e9gard, il a estim\u00e9 qu\u2019un int\u00e9r\u00eat l\u00e9gitime pouvait \u00eatre pr\u00e9sum\u00e9 lorsque la personne concern\u00e9e est un client du responsable du traitement (consid\u00e9rant 47, deuxi\u00e8me phrase, du RGPD).<\/p>\n<p>&nbsp;<\/p>\n<h5>10. Int\u00e9r\u00eats l\u00e9gitimes dans le traitement poursuivis par le responsable du traitement ou un tiers<\/h5>\n<p>Si le traitement des donn\u00e9es \u00e0 caract\u00e8re personnel est fond\u00e9 sur l'article 6, paragraphe 1, point f), du RGPD, notre int\u00e9r\u00eat l\u00e9gitime est de mener nos activit\u00e9s commerciales au profit du bien-\u00eatre de tous nos employ\u00e9s et de nos actionnaires.<\/p>\n<p>&nbsp;<\/p>\n<h5>11. Dur\u00e9e de conservation des donn\u00e9es \u00e0 caract\u00e8re personnel<\/h5>\n<p>Le crit\u00e8re pour la dur\u00e9e de conservation des donn\u00e9es personnelles est la p\u00e9riode de conservation l\u00e9gale respective. Apr\u00e8s l'expiration du d\u00e9lai, les donn\u00e9es correspondantes sont syst\u00e9matiquement supprim\u00e9es, \u00e0 condition qu'elles ne soient plus n\u00e9cessaires \u00e0 l'ex\u00e9cution ou \u00e0 l'initiation du contrat.<\/p>\n<p>&nbsp;<\/p>\n<h5>12. les dispositions l\u00e9gales ou contractuelles relatives \u00e0 la mise \u00e0 disposition des donn\u00e9es \u00e0 caract\u00e8re personnel; n\u00e9cessit\u00e9 pour la conclusion du contrat; obligation pour la personne concern\u00e9e de fournir les donn\u00e9es \u00e0 caract\u00e8re personnel; Cons\u00e9quences possibles de la non-fourniture<\/h5>\n<p>Nous vous informons que la mise \u00e0 disposition de donn\u00e9es \u00e0 caract\u00e8re personnel est en partie prescrite par la loi (p. ex. prescriptions fiscales) ou peut \u00e9galement r\u00e9sulter de dispositions contractuelles (p. ex. indications sur le partenaire contractuel). Dans certains cas, il peut \u00eatre n\u00e9cessaire pour la conclusion d'un contrat qu'une personne concern\u00e9e nous fournisse des donn\u00e9es personnelles qui doivent ensuite \u00eatre trait\u00e9es par nous. La personne concern\u00e9e est par exemple tenue de nous fournir des donn\u00e9es \u00e0 caract\u00e8re personnel lorsque notre entreprise conclut un contrat avec elle. La non-fourniture des donn\u00e9es \u00e0 caract\u00e8re personnel aurait pour cons\u00e9quence que le contrat avec la personne concern\u00e9e ne pourrait pas \u00eatre conclu. Avant de fournir des donn\u00e9es personnelles par la personne concern\u00e9e, la personne concern\u00e9e doit contacter l'un de nos employ\u00e9s. Notre collaborateur informe la personne concern\u00e9e au cas par cas si la fourniture des donn\u00e9es personnelles est prescrite par la loi ou par contrat ou si elle est n\u00e9cessaire \u00e0 la conclusion du contrat, s'il existe une obligation de fournir les donn\u00e9es personnelles et quelles seraient les cons\u00e9quences de la non-fourniture des donn\u00e9es personnelles.<\/p>\n<p>&nbsp;<\/p>\n<h5>13. Existence d'une prise de d\u00e9cision automatis\u00e9e<\/h5>\n<p>En tant qu'entreprise responsable, nous renon\u00e7ons \u00e0 la prise de d\u00e9cision automatique ou au profilage.<br \/>\nCette d\u00e9claration de protection des donn\u00e9es a \u00e9t\u00e9 cr\u00e9\u00e9e par le g\u00e9n\u00e9rateur de d\u00e9claration de protection des donn\u00e9es de la DGD Deutsche Gesellschaft f\u00fcr Datenschutz GmbH, agissant en tant que d\u00e9l\u00e9gu\u00e9 externe \u00e0 la protection des donn\u00e9es de Francfort-sur-le-Main, en coop\u00e9ration avec l'avocat \u00e0 la protection des donn\u00e9es de Cologne Christian Solmecke.<\/p>\n<p>&nbsp;<\/p>\n<h5>14. Modification de la politique de confidentialit\u00e9<\/h5>\n<p>Nous, Rudolf Rost Sperrholz GmbH en tant que responsable du traitement, nous r\u00e9servons le droit de modifier la d\u00e9claration de protection des donn\u00e9es \u00e0 tout moment en ce qui concerne les dispositions applicables en mati\u00e8re de protection des donn\u00e9es. La situation actuelle est en novembre 2024.<\/p>\n<p>&nbsp;<\/p>\n<h5>15. Autorit\u00e9 de contr\u00f4le comp\u00e9tente en mati\u00e8re de protection des donn\u00e9es<\/h5>\n<p>Centre national de protection des donn\u00e9es du Schleswig-Holstein<br \/>\nHolstenstra\u00dfe 98<br \/>\n24103 quille<br \/>\nT\u00e9l\u00e9phone: 0049 431 988-1200<br \/>\nT\u00e9l\u00e9copieur: 0049 431 988-1223<\/p>\n<p>&nbsp;<\/p>\n<p>Vous avez ici la possibilit\u00e9 de t\u00e9l\u00e9charger notre d\u00e9claration de protection des donn\u00e9es au format PDF:<\/p>\n\n\t\t<\/div>\n\t<\/div>\n<div class=\"vc_btn3-container  wpb_animate_when_almost_visible wpb_bottom-to-top bottom-to-top vc_btn3-left\" ><a onmouseleave=\"this.style.borderColor='#101010'; this.style.backgroundColor='transparent'; this.style.color='#101010'\" onmouseenter=\"this.style.borderColor='#0d8161'; this.style.backgroundColor='#0d8161'; this.style.color='#f2f2f2';\" style=\"border-color:#101010; color:#101010;\" class=\"vc_general vc_btn3 vc_btn3-size-xs vc_btn3-shape-square vc_btn3-style-outline-custom\" href=\"https:\/\/www.rudolf-rost.de\/wp-content\/uploads\/2025\/08\/DK_Datenschutzerklaerung_Website-2024-franzoesisch.pdf\" title=\"Politique de confidentialit\u00e9\" target=\"_blank\">T\u00c9L\u00c9CHARGER<\/a><\/div><\/div><\/div><\/div><div class=\"wpb_column vc_column_container vc_col-sm-2\"><div class=\"vc_column-inner\"><div class=\"wpb_wrapper\"><\/div><\/div><\/div><\/div><!-- Row Backgrounds --><div class=\"upb_color\" data-bg-override=\"0\" data-bg-color=\"#ffffff\" data-fadeout=\"\" data-fadeout-percentage=\"30\" data-parallax-content=\"\" data-parallax-content-sense=\"30\" data-row-effect-mobile-disable=\"true\" data-img-parallax-mobile-disable=\"true\" data-rtl=\"false\"  data-custom-vc-row=\"\"  data-vc=\"6.13.0\"  data-is_old_vc=\"\"  data-theme-support=\"\"   data-overlay=\"false\" data-overlay-color=\"\" data-overlay-pattern=\"\" data-overlay-pattern-opacity=\"\" data-overlay-pattern-size=\"\"    ><\/div><div class=\"vc_row wpb_row vc_row-fluid\"><div class=\"wpb_column vc_column_container vc_col-sm-12\"><div class=\"vc_column-inner\"><div class=\"wpb_wrapper\"><div class=\"ult-spacer spacer-69f0da4e3a291\" data-id=\"69f0da4e3a291\" data-height=\"100\" data-height-mobile=\"100\" data-height-tab=\"100\" data-height-tab-portrait=\"\" data-height-mobile-landscape=\"\" style=\"clear:both;display:block;\"><\/div><\/div><\/div><\/div><\/div>\n<\/section>","protected":false},"excerpt":{"rendered":"Nous nous r\u00e9jouissons de l'int\u00e9r\u00eat que vous portez \u00e0 notre entreprise. Le respect des lois sur la protection des donn\u00e9es et donc la protection de vos donn\u00e9es personnelles est une pr\u00e9occupation importante pour nous. L'utilisation des pages Internet de Rudolf Rost Sperrholz GmbH est en principe possible sans aucune indication de donn\u00e9es personnelles. Dans la mesure o\u00f9 une personne concern\u00e9e fournit des services [...]","protected":false},"author":1,"featured_media":0,"parent":0,"menu_order":0,"comment_status":"closed","ping_status":"closed","template":"page.php","meta":{"_acf_changed":false,"iawp_total_views":120,"footnotes":""},"folder":[37],"class_list":["post-2756","page","type-page","status-publish","hentry"],"acf":[],"yoast_head":"<!-- This site is optimized with the Yoast SEO plugin v26.6 - https:\/\/yoast.com\/wordpress\/plugins\/seo\/ -->\n<title>Rudolf Rost Sperrholz GmbH | Datenschutz<\/title>\n<meta name=\"robots\" content=\"index, follow, max-snippet:-1, max-image-preview:large, max-video-preview:-1\" \/>\n<link rel=\"canonical\" href=\"https:\/\/www.rudolf-rost.de\/fr\/datenschutz\/\" \/>\n<meta property=\"og:locale\" content=\"fr_FR\" \/>\n<meta property=\"og:type\" content=\"article\" \/>\n<meta property=\"og:title\" content=\"Rudolf Rost Sperrholz GmbH | Datenschutz\" \/>\n<meta property=\"og:url\" content=\"https:\/\/www.rudolf-rost.de\/fr\/datenschutz\/\" \/>\n<meta property=\"og:site_name\" content=\"Rudolf Rost Sperrholz GmbH\" \/>\n<meta property=\"article:modified_time\" content=\"2025-08-20T09:08:23+00:00\" \/>\n<meta name=\"twitter:card\" content=\"summary_large_image\" \/>\n<meta name=\"twitter:label1\" content=\"Dur\u00e9e de lecture estim\u00e9e\" \/>\n\t<meta name=\"twitter:data1\" content=\"21 minutes\" \/>\n<script type=\"application\/ld+json\" class=\"yoast-schema-graph\">{\"@context\":\"https:\/\/schema.org\",\"@graph\":[{\"@type\":\"WebPage\",\"@id\":\"https:\/\/www.rudolf-rost.de\/de\/datenschutz\/\",\"url\":\"https:\/\/www.rudolf-rost.de\/de\/datenschutz\/\",\"name\":\"Rudolf Rost Sperrholz GmbH | Datenschutz\",\"isPartOf\":{\"@id\":\"https:\/\/www.rudolf-rost.de\/de\/#website\"},\"datePublished\":\"2022-07-14T14:48:22+00:00\",\"dateModified\":\"2025-08-20T09:08:23+00:00\",\"breadcrumb\":{\"@id\":\"https:\/\/www.rudolf-rost.de\/de\/datenschutz\/#breadcrumb\"},\"inLanguage\":\"fr-FR\",\"potentialAction\":[{\"@type\":\"ReadAction\",\"target\":[\"https:\/\/www.rudolf-rost.de\/de\/datenschutz\/\"]}]},{\"@type\":\"BreadcrumbList\",\"@id\":\"https:\/\/www.rudolf-rost.de\/de\/datenschutz\/#breadcrumb\",\"itemListElement\":[{\"@type\":\"ListItem\",\"position\":1,\"name\":\"Startseite\",\"item\":\"https:\/\/www.rudolf-rost.de\/de\/\"},{\"@type\":\"ListItem\",\"position\":2,\"name\":\"Datenschutz\"}]},{\"@type\":\"WebSite\",\"@id\":\"https:\/\/www.rudolf-rost.de\/de\/#website\",\"url\":\"https:\/\/www.rudolf-rost.de\/de\/\",\"name\":\"Rudolf Rost Sperrholz GmbH\",\"description\":\"Materials and Systems for Interiors\",\"publisher\":{\"@id\":\"https:\/\/www.rudolf-rost.de\/de\/#organization\"},\"potentialAction\":[{\"@type\":\"SearchAction\",\"target\":{\"@type\":\"EntryPoint\",\"urlTemplate\":\"https:\/\/www.rudolf-rost.de\/de\/?s={search_term_string}\"},\"query-input\":{\"@type\":\"PropertyValueSpecification\",\"valueRequired\":true,\"valueName\":\"search_term_string\"}}],\"inLanguage\":\"fr-FR\"},{\"@type\":\"Organization\",\"@id\":\"https:\/\/www.rudolf-rost.de\/de\/#organization\",\"name\":\"Rudolf Rost Sperrholz GmbH\",\"url\":\"https:\/\/www.rudolf-rost.de\/de\/\",\"logo\":{\"@type\":\"ImageObject\",\"inLanguage\":\"fr-FR\",\"@id\":\"https:\/\/www.rudolf-rost.de\/de\/#\/schema\/logo\/image\/\",\"url\":\"https:\/\/www.rudolf-rost.de\/wp-content\/uploads\/2022\/05\/cropped-rr_logo_250.png\",\"contentUrl\":\"https:\/\/www.rudolf-rost.de\/wp-content\/uploads\/2022\/05\/cropped-rr_logo_250.png\",\"width\":512,\"height\":512,\"caption\":\"Rudolf Rost Sperrholz GmbH\"},\"image\":{\"@id\":\"https:\/\/www.rudolf-rost.de\/de\/#\/schema\/logo\/image\/\"},\"sameAs\":[\"https:\/\/de.linkedin.com\/company\/rudolf-rost-sperrholz-gmbh\"]}]}<\/script>\n<!-- \/ Yoast SEO plugin. -->","yoast_head_json":{"title":"Rudolf Rost Sperrholz GmbH | Datenschutz","robots":{"index":"index","follow":"follow","max-snippet":"max-snippet:-1","max-image-preview":"max-image-preview:large","max-video-preview":"max-video-preview:-1"},"canonical":"https:\/\/www.rudolf-rost.de\/fr\/datenschutz\/","og_locale":"fr_FR","og_type":"article","og_title":"Rudolf Rost Sperrholz GmbH | Datenschutz","og_url":"https:\/\/www.rudolf-rost.de\/fr\/datenschutz\/","og_site_name":"Rudolf Rost Sperrholz GmbH","article_modified_time":"2025-08-20T09:08:23+00:00","twitter_card":"summary_large_image","twitter_misc":{"Dur\u00e9e de lecture estim\u00e9e":"21 minutes"},"schema":{"@context":"https:\/\/schema.org","@graph":[{"@type":"WebPage","@id":"https:\/\/www.rudolf-rost.de\/de\/datenschutz\/","url":"https:\/\/www.rudolf-rost.de\/de\/datenschutz\/","name":"Rudolf Rost Sperrholz GmbH | Datenschutz","isPartOf":{"@id":"https:\/\/www.rudolf-rost.de\/de\/#website"},"datePublished":"2022-07-14T14:48:22+00:00","dateModified":"2025-08-20T09:08:23+00:00","breadcrumb":{"@id":"https:\/\/www.rudolf-rost.de\/de\/datenschutz\/#breadcrumb"},"inLanguage":"fr-FR","potentialAction":[{"@type":"ReadAction","target":["https:\/\/www.rudolf-rost.de\/de\/datenschutz\/"]}]},{"@type":"BreadcrumbList","@id":"https:\/\/www.rudolf-rost.de\/de\/datenschutz\/#breadcrumb","itemListElement":[{"@type":"ListItem","position":1,"name":"Startseite","item":"https:\/\/www.rudolf-rost.de\/de\/"},{"@type":"ListItem","position":2,"name":"Datenschutz"}]},{"@type":"WebSite","@id":"https:\/\/www.rudolf-rost.de\/de\/#website","url":"https:\/\/www.rudolf-rost.de\/de\/","name":"Rudolf Rost Sperrholz GmbH","description":"Materials and Systems for Interiors","publisher":{"@id":"https:\/\/www.rudolf-rost.de\/de\/#organization"},"potentialAction":[{"@type":"SearchAction","target":{"@type":"EntryPoint","urlTemplate":"https:\/\/www.rudolf-rost.de\/de\/?s={search_term_string}"},"query-input":{"@type":"PropertyValueSpecification","valueRequired":true,"valueName":"search_term_string"}}],"inLanguage":"fr-FR"},{"@type":"Organization","@id":"https:\/\/www.rudolf-rost.de\/de\/#organization","name":"Rudolf Rost Sperrholz GmbH","url":"https:\/\/www.rudolf-rost.de\/de\/","logo":{"@type":"ImageObject","inLanguage":"fr-FR","@id":"https:\/\/www.rudolf-rost.de\/de\/#\/schema\/logo\/image\/","url":"https:\/\/www.rudolf-rost.de\/wp-content\/uploads\/2022\/05\/cropped-rr_logo_250.png","contentUrl":"https:\/\/www.rudolf-rost.de\/wp-content\/uploads\/2022\/05\/cropped-rr_logo_250.png","width":512,"height":512,"caption":"Rudolf Rost Sperrholz GmbH"},"image":{"@id":"https:\/\/www.rudolf-rost.de\/de\/#\/schema\/logo\/image\/"},"sameAs":["https:\/\/de.linkedin.com\/company\/rudolf-rost-sperrholz-gmbh"]}]}},"_links":{"self":[{"href":"https:\/\/www.rudolf-rost.de\/fr\/wp-json\/wp\/v2\/pages\/2756","targetHints":{"allow":["GET"]}}],"collection":[{"href":"https:\/\/www.rudolf-rost.de\/fr\/wp-json\/wp\/v2\/pages"}],"about":[{"href":"https:\/\/www.rudolf-rost.de\/fr\/wp-json\/wp\/v2\/types\/page"}],"author":[{"embeddable":true,"href":"https:\/\/www.rudolf-rost.de\/fr\/wp-json\/wp\/v2\/users\/1"}],"replies":[{"embeddable":true,"href":"https:\/\/www.rudolf-rost.de\/fr\/wp-json\/wp\/v2\/comments?post=2756"}],"version-history":[{"count":18,"href":"https:\/\/www.rudolf-rost.de\/fr\/wp-json\/wp\/v2\/pages\/2756\/revisions"}],"predecessor-version":[{"id":4774,"href":"https:\/\/www.rudolf-rost.de\/fr\/wp-json\/wp\/v2\/pages\/2756\/revisions\/4774"}],"wp:attachment":[{"href":"https:\/\/www.rudolf-rost.de\/fr\/wp-json\/wp\/v2\/media?parent=2756"}],"wp:term":[{"taxonomy":"folder","embeddable":true,"href":"https:\/\/www.rudolf-rost.de\/fr\/wp-json\/wp\/v2\/folder?post=2756"}],"curies":[{"name":"wp","href":"https:\/\/api.w.org\/{rel}","templated":true}]}}